{"id":165,"date":"2015-10-20T07:37:04","date_gmt":"2015-10-20T07:37:04","guid":{"rendered":"http:\/\/wabe-stuttgart.de\/cms\/?page_id=165"},"modified":"2020-01-12T17:49:31","modified_gmt":"2020-01-12T17:49:31","slug":"aktuell-bern-und-stein","status":"publish","type":"page","link":"https:\/\/wabe-stuttgart.de\/cms\/aktuell-bern-und-stein\/","title":{"rendered":"&#8222;Bern und Stein&#8220; Stuttgart-Heumaden"},"content":{"rendered":"<div class='content-column one_half'><p><strong>Gemeinschaftsorientiertes, generationen\u00fcbergreifendes Wohnprojekt<\/strong><\/p>\n<p>In Stuttgart-Heumaden in der Bernsteinstra\u00dfe 4 wurden von der Stadt Stuttgart zwei Baugrundst\u00fccke als Teil einer Wohnungs-Neubebauung an Baugemeinschaften ver\u00e4u\u00dfert. Insgesamt konnten in diesem Quartier 9 Punkth\u00e4user mit 3 bis 5 Geschossen neu gebaut werden. Die zwei H\u00e4user f\u00fcr Baugemeinschaften bieten Platz f\u00fcr mehr als 20 Wohnungen. In Kooperation mit der Wabe e. V. ist hier ein weiteres gemeinschaftsorientiertes, generationen\u00fcbergreifendes Wohnprojekt mit kosteng\u00fcnstigem Wohnraum, vorrangig f\u00fcr Familien mit Kindern, entstanden.<\/p>\n<p>Im Juli 2014 hat das Auswahlgremium der Stadt Stuttgart entschieden, dem Konzept von \u201eBern und Stein\u201c bei der Grundst\u00fccksvergabe den 1. Platz zu geben. Die endg\u00fcltige Vergabe der Grundst\u00fccksoption wurde im Oktober 2014 beschlossen. Das Bauprojekt umfasst 23 Wohnungen in 2 H\u00e4usern, die mit Laubeng\u00e4ngen erschlossen und miteinander verbunden sind. Es wurde eine Mischung aus Eigentums- und Genossenschafts-Mietwohnungen angestrebt, die mit der Baugenossenschaft Bau- und Heimst\u00e4ttenverein gebaut werden. Die 2 H\u00e4user gruppieren sich um einen gemeinsamen Werkhof mit Spielfl\u00e4che f\u00fcr die Kinder. Die geplanten Gemeinschaftsr\u00e4ume liegen direkt am Zugang vom \u00f6ffentlichen Fu\u00dfweg und sollen auch f\u00fcr die Nachbarschaft im Quartier ge\u00f6ffnet werden.<\/p>\n<p>Die Baugemeinschaft hatte verschiedene Arbeitsgruppen gebildet. Eine besch\u00e4ftigte sich mit der Ausarbeitung eines Planungsvertrages als Grundlage f\u00fcr die gleichberechtigte Mitsprache von Baugenossenschaft, Mietern und Eigent\u00fcmern. Weitere Arbeitsgruppen besch\u00e4ftigten sich mit den Themen &#8222;Zusammenleben im Haus&#8220;, &#8222;Gartenplanung&#8220;, &#8222;Gemeinschaftsraum&#8220; etc. Bei einem Gemeinschaftstag hatte sich die Gesamtgruppe \u00fcber Wohn-Visionen, Ideen und W\u00fcnsche ausgetauscht. Und jetzt ist das Wohnprojekt Realit\u00e4t geworden.<\/p>\n<p>Ende September 2017 konnten die ersten Wohnungen bezogen worden. Inzwischen sind die Wohnungen in den beiden H\u00e4usern \u201eBern und Stein\u201c in der Bernsteinstra\u00dfe 4 D + 4 E und auch der Fahrradkeller schon gut gef\u00fcllt. Die inzwischen von der Baugemeinschaft zur Wohngemeinschaft gewordenen Bewohner\/innen helfen sich gegenseitig, tauschen M\u00f6belst\u00fccke oder leihen sich diverse Werkzeuge aus &#8211; eine echte Nachbarschaftshilfe, wie es sich geh\u00f6rt. So f\u00e4ngt nun das Zusammenleben in einem f\u00fcr Stuttgart durchaus au\u00dfergew\u00f6hnlichen Wohnprojekt an, in dem Mieter\/innen und Eigent\u00fcmer\/innen T\u00fcr an T\u00fcr wohnen und das ganz bewusst auf Diversit\u00e4t und Inklusion setzt.<\/p>\n<p>Wer mehr \u00fcber \u201eBern und Stein\u201c lesen und wissen m\u00f6chte, findet auf der Homepage <a href=\"https:\/\/baugemeinschaftbernstein.de\" target=\"_blank\" rel=\"noopener noreferrer\">https:\/\/baugemeinschaftbernstein.de<\/a> eine F\u00fclle von Informationen &#8211; von der Entstehung bis zur Fertigstellung.<\/p>\n<h2>Weitere Informationen gibt<\/h2>\n<p>Kurt K\u00fchfu\u00df<br \/>\nDipl.-Ing. Freier Architekt<br \/>\nOstendstra\u00dfe 106<br \/>\n70188 Stuttgart<br \/>\nE-Mail: <a href=\"mailto:post@kuehfuss-architekten.de\" target=\"_blank\" rel=\"noopener noreferrer\">post@kuehfuss-architekten.de<\/a><br \/><\/div><br \/>\n<div class='content-column one_half last_column'><a href=\"http:\/\/wabe-stuttgart.de\/cms\/wp-content\/uploads\/2015\/10\/bern-stein.png\"><img loading=\"lazy\" decoding=\"async\" class=\"aligncenter wp-image-717\" src=\"http:\/\/wabe-stuttgart.de\/cms\/wp-content\/uploads\/2015\/10\/bern-stein-300x158.png\" alt=\"\" width=\"383\" height=\"201\" srcset=\"https:\/\/wabe-stuttgart.de\/cms\/wp-content\/uploads\/2015\/10\/bern-stein-300x158.png 300w, https:\/\/wabe-stuttgart.de\/cms\/wp-content\/uploads\/2015\/10\/bern-stein-768x404.png 768w, https:\/\/wabe-stuttgart.de\/cms\/wp-content\/uploads\/2015\/10\/bern-stein-1024x538.png 1024w, https:\/\/wabe-stuttgart.de\/cms\/wp-content\/uploads\/2015\/10\/bern-stein.png 1145w\" sizes=\"(max-width: 383px) 100vw, 383px\" \/><\/a><br \/><\/div><div class='clear_column'><\/div><\/p>\n","protected":false},"excerpt":{"rendered":"","protected":false},"author":1,"featured_media":0,"parent":0,"menu_order":0,"comment_status":"closed","ping_status":"closed","template":"","meta":{"footnotes":""},"_links":{"self":[{"href":"https:\/\/wabe-stuttgart.de\/cms\/wp-json\/wp\/v2\/pages\/165"}],"collection":[{"href":"https:\/\/wabe-stuttgart.de\/cms\/wp-json\/wp\/v2\/pages"}],"about":[{"href":"https:\/\/wabe-stuttgart.de\/cms\/wp-json\/wp\/v2\/types\/page"}],"author":[{"embeddable":true,"href":"https:\/\/wabe-stuttgart.de\/cms\/wp-json\/wp\/v2\/users\/1"}],"replies":[{"embeddable":true,"href":"https:\/\/wabe-stuttgart.de\/cms\/wp-json\/wp\/v2\/comments?post=165"}],"version-history":[{"count":21,"href":"https:\/\/wabe-stuttgart.de\/cms\/wp-json\/wp\/v2\/pages\/165\/revisions"}],"predecessor-version":[{"id":809,"href":"https:\/\/wabe-stuttgart.de\/cms\/wp-json\/wp\/v2\/pages\/165\/revisions\/809"}],"wp:attachment":[{"href":"https:\/\/wabe-stuttgart.de\/cms\/wp-json\/wp\/v2\/media?parent=165"}],"curies":[{"name":"wp","href":"https:\/\/api.w.org\/{rel}","templated":true}]}}